 

{"id":20997,"date":"2018-09-13T08:37:27","date_gmt":"2018-09-13T05:37:27","guid":{"rendered":"https:\/\/kauppa.ursa.fi\/kauppa\/?post_type=product&#038;p=20997"},"modified":"2026-04-08T12:06:25","modified_gmt":"2026-04-08T09:06:25","slug":"zoomataan-universumiin","status":"publish","type":"product","link":"https:\/\/kauppa.ursa.fi\/kauppa\/tuote\/zoomataan-universumiin\/","title":{"rendered":"Zoomataan universumiin"},"content":{"rendered":"<p>Suurin tuntemamme mitta on koko havaittavan maailmankaikkeuden halkaisija, 10 potenssiin 27 metri\u00e4. Kaikkein pienin on Planckin pituus 10 potenssiin -35 metri\u00e4, lyhin mielek\u00e4s matka fysiikassa. N\u00e4iden kahden mitan v\u00e4liss\u00e4 on kaikki, mink\u00e4 voimme havaita. El\u00e4m\u00e4n mittakaava on vain kapea viipale kaikesta.<\/p>\n<p>Tutkija Caleb Scharfin ja kuvittaja Ron Millerin teoksessa matka maailmankaikkeuden mittoihin on 62 askelta pitk\u00e4. Niill\u00e4 matkataan kaukaisimman kosmoksen \u00e4\u00e4rilt\u00e4 atomia pienemp\u00e4\u00e4n kvarkkien ja kvanttien maailmaan. T\u00e4h\u00e4n kaikkeen tutustutaan upeiden kuvien ja infografiikoiden kautta.<\/p>\n<p>Sek\u00e4 kosmisen ett\u00e4 pienen mittakaavan ymm\u00e4rrys on lis\u00e4\u00e4ntynyt valtavasti. Erityisesti tutkimus on muuttanut k\u00e4sityksi\u00e4mme kompleksisuudesta ja kompleksisista j\u00e4rjestelmist\u00e4, kuten el\u00e4vist\u00e4 olennoista. Kirjan kantavana teemana on ihmisen luontainen uteliaisuus ja kyky n\u00e4hd\u00e4 oman n\u00e4k\u00f6kulmansa ulkopuolelle.<\/p>\n<p>Caleb Scharf tutkii elinkelpoisia eksoplaneettoja ja ty\u00f6skentelee Columbia Astrobiology Centerin johtajana. H\u00e4nelt\u00e4 on aiemmin suomennettu teos <em>Kopernikuskompleksi<\/em> (Ursa 2015). Ron Miller on palkittu kuvittaja ja kirjailija, jonka t\u00f6it\u00e4 on julkaistu mm. Natural Geographicissa, Scientific Americanissa ja useissa kirjoissa. Teoksen infografiikoista vastaa 5W Infographics.<\/p>\n<p><a href=\"https:\/\/www.hs.fi\/tiede\/art-2000005922641.html\" target=\"_blank\" rel=\"noopener noreferrer\"><span style=\"color: #3366ff;\">&#8221;Universumin kokoerot huimaavat \u2013 avaruuden valtavuus ja atomien pienuus avautuvat huimilla hypyill\u00e4.&#8221;<\/span> <\/a><br \/>\nArvio Helsingin Sanomissa 7.12.2018<\/p>\n","protected":false},"excerpt":{"rendered":"<p>Haluatko kuulla mahtavimman tarinan ikin\u00e4?<\/p>\n<p>Kauan aikaa sitten kehosi atomit olivat pitkin poikin avaruutta. Ajan mittaan ne ker\u00e4\u00e4ntyiv\u00e4t yhteen ja muodostivat galaksit, t\u00e4hdet, planeetat, norsut, virukset ja sinut.<\/p>\n<p><em>\u00a0<\/em><\/p>\n<p>&nbsp;<\/p>\n","protected":false},"featured_media":20998,"comment_status":"open","ping_status":"closed","template":"","meta":[],"product_brand":[],"product_cat":[6,2345,1574,8],"product_tag":[],"class_list":{"0":"post-20997","1":"product","2":"type-product","3":"status-publish","4":"has-post-thumbnail","6":"product_cat-kirjakauppa","7":"product_cat-lahjaideat-lapsille-ja-nuorille","8":"product_cat-lapsille","9":"product_cat-tahtitiede","10":"product_shipping_class-kirjakauppa","11":"pa_hintavaihtoehdot-jasenhinta","12":"pa_hintavaihtoehdot-suositushinta","13":"pa_isbn-2091","14":"pa_sidonta-sid","15":"pa_sivumaara-219-s","16":"pa_tekija-caleb-scharf","18":"first","19":"instock","20":"taxable","21":"shipping-taxable","22":"purchasable","23":"product-type-variable"},"exclude_global_add_ons":[],"addons":[],"_links":{"self":[{"href":"https:\/\/kauppa.ursa.fi\/kauppa\/wp-json\/wp\/v2\/product\/20997","targetHints":{"allow":["GET"]}}],"collection":[{"href":"https:\/\/kauppa.ursa.fi\/kauppa\/wp-json\/wp\/v2\/product"}],"about":[{"href":"https:\/\/kauppa.ursa.fi\/kauppa\/wp-json\/wp\/v2\/types\/product"}],"replies":[{"embeddable":true,"href":"https:\/\/kauppa.ursa.fi\/kauppa\/wp-json\/wp\/v2\/comments?post=20997"}],"wp:featuredmedia":[{"embeddable":true,"href":"https:\/\/kauppa.ursa.fi\/kauppa\/wp-json\/wp\/v2\/media\/20998"}],"wp:attachment":[{"href":"https:\/\/kauppa.ursa.fi\/kauppa\/wp-json\/wp\/v2\/media?parent=20997"}],"wp:term":[{"taxonomy":"product_brand","embeddable":true,"href":"https:\/\/kauppa.ursa.fi\/kauppa\/wp-json\/wp\/v2\/product_brand?post=20997"},{"taxonomy":"product_cat","embeddable":true,"href":"https:\/\/kauppa.ursa.fi\/kauppa\/wp-json\/wp\/v2\/product_cat?post=20997"},{"taxonomy":"product_tag","embeddable":true,"href":"https:\/\/kauppa.ursa.fi\/kauppa\/wp-json\/wp\/v2\/product_tag?post=20997"}],"curies":[{"name":"wp","href":"https:\/\/api.w.org\/{rel}","templated":true}]}}