 

{"id":3349,"date":"2001-09-21T14:18:32","date_gmt":"2001-09-21T11:18:32","guid":{"rendered":"https:\/\/kauppa.ursa.fi\/kauppa\/tuote\/ilmakeha-saa-ja-ilmasto\/"},"modified":"2023-01-03T10:15:27","modified_gmt":"2023-01-03T08:15:27","slug":"ilmakeha-saa-ja-ilmasto","status":"publish","type":"product","link":"https:\/\/kauppa.ursa.fi\/kauppa\/tuote\/ilmakeha-saa-ja-ilmasto\/","title":{"rendered":"Ilmakeh\u00e4, s\u00e4\u00e4 ja ilmasto"},"content":{"rendered":"<p>S\u00e4\u00e4tiedon suomalainen perusteos on uudistunut: <i>Ilmakeh\u00e4 ja s\u00e4\u00e4 <\/i> on nyt <i> Ilmakeh\u00e4, s\u00e4\u00e4 ja ilmasto.<\/i> Suurempi sivukoko mahdollistaa isommat kuvat ja sis\u00e4lt\u00f6 on laajentunut 505 sivuun. <i>Ilmakeh\u00e4, s\u00e4\u00e4 ja ilmasto <\/i>esittelee ilmakeh\u00e4n kaikkine ilmi\u00f6ineen yksiss\u00e4 kansissa.<\/p>\n<p>Kirjassa kerrotaan, mit\u00e4 s\u00e4\u00e4 on, mitk\u00e4 j\u00e4rjestelm\u00e4t vaikuttavat s\u00e4\u00e4n syntyyn ja mik\u00e4 Maan ilmakeh\u00e4ss\u00e4 on erityist\u00e4. Tuuli, sade tai pouta eiv\u00e4t synny satunnaisesti, vaan johdonmukaisen prosessin tuloksena. Teoksessa kerrotaan my\u00f6s, miten s\u00e4\u00e4t\u00e4 ennustetaan ja mik\u00e4 tekee ennusteen laatimisesta ammattilaisen ty\u00f6t\u00e4.<\/p>\n<p>Ilmakeh\u00e4, s\u00e4\u00e4 ja ilmasto taustoittaa my\u00f6s nykyist\u00e4 ilmaston muutosta ja kertoo uusinta tietoa sen yksityiskohdista. Teos selitt\u00e4\u00e4, mit\u00e4 ilmaston globaalilla ja alueellisella vaihtelulla sek\u00e4 ilmastotekij\u00f6ill\u00e4 tarkoitetaan ja mitk\u00e4 muutokset kytkeytyv\u00e4t ihmisen toimintaan. Teos valaisee ilmaston mallintamista ja kertoo, miten nykyisiin varsin tarkkoihin ennusteisiin ilmastonmuutoksesta p\u00e4\u00e4dyt\u00e4\u00e4n.<\/p>\n<p>Runsas kuvitus kannustaa omaan havainnointiin ja kirjan annista hy\u00f6tyv\u00e4t niin veneilij\u00e4t, m\u00f6kkeilij\u00e4t kuin ilmailuharrastajatkin. Maantieteellinen sijaintimme m\u00e4\u00e4r\u00e4\u00e4 ainutlaatuiset s\u00e4\u00e4olomme. T\u00e4ss\u00e4 kotimaisten asiantuntijoiden kirjoittamassa kirjassa kerrotaankin s\u00e4\u00e4st\u00e4 juuri suomalaisesta n\u00e4k\u00f6kulmasta.<\/p>\n<p>Taivaalla voi my\u00f6s havaita monenlaista kiinnostavaa katseltavaa ja kirjassa esitell\u00e4\u00e4n ilmakeh\u00e4n yleisimm\u00e4t valoilmi\u00f6t selityksineen.<\/p>\n<p>\u00c4l\u00e4 j\u00e4\u00e4 s\u00e4\u00e4n armoille, vaan ota se haltuun!<\/p>\n<p>Sis\u00e4lt\u00f6:<\/p>\n<p>1. Ilma ja ilmakeh\u00e4<br \/>\n2. Ilman fysiikkaa<br \/>\n3. Ilmakeh\u00e4 ja valo<br \/>\n4. Ilmakeh\u00e4n rakenne<br \/>\n5. Ilmakeh\u00e4n kemiaa<br \/>\n6. Globaali ilmasto<br \/>\n7. Ilmastonvaihtelut ja niiden syyt<br \/>\n8. Nykyinen ilmaston muutos<br \/>\n9. S\u00e4\u00e4havainnot ja kartat<br \/>\n10. Tuulten ja vesien fysiikkaa<br \/>\n11. Suuret s\u00e4\u00e4j\u00e4rjestelm\u00e4t<br \/>\n12. Konvektiiviset s\u00e4\u00e4j\u00e4rjestelm\u00e4t<br \/>\n13. S\u00e4\u00e4n ennustaminen<br \/>\n14. Suomen ilmasto<br \/>\n15. Taittumis- ja heijastumisilmi\u00f6t<br \/>\n16. Ilmakeh\u00e4n valot ja v\u00e4rit<br \/>\n17. Sateenkaaret, halot ja keh\u00e4t<br \/>\n18. Ylemm\u00e4n ilmakeh\u00e4n ilmi\u00f6t ja avaruuss\u00e4\u00e4<br \/>\n19. Valoilmi\u00f6iden havaitseminen<br \/>\n20. Ilma ja \u00e4\u00e4ni<br \/>\n21. Muiden planeettojen ilmakeh\u00e4t<\/p>\n<p><a href=\"https:\/\/www.ursa.fi\/index.php?id=3810\" target=\"_blank\" rel=\"noopener\">Korjauksia kirjaan<\/a><\/p>\n","protected":false},"excerpt":{"rendered":"<p>J\u00e4ntev\u00e4 tietopaketti ilmakeh\u00e4st\u00e4.<\/p>\n","protected":false},"featured_media":21260,"comment_status":"open","ping_status":"closed","template":"","meta":[],"product_brand":[],"product_cat":[10],"product_tag":[],"class_list":{"0":"post-3349","1":"product","2":"type-product","3":"status-publish","4":"has-post-thumbnail","6":"product_cat-muut-tietokirjat","7":"product_shipping_class-kirjakauppa","8":"pa_hintavaihtoehdot-jasenhinta","9":"pa_hintavaihtoehdot-suositushinta","10":"pa_isbn-1953","11":"pa_koko-210x250-mm","12":"pa_sidontamalli-nid","13":"pa_sivumaara-384","14":"pa_tekija-karttunen-hannukoistinen-jarmo-saltikoff-elena-ja-manner-olli","16":"first","17":"outofstock","18":"taxable","19":"shipping-taxable","20":"purchasable","21":"product-type-variable","22":"has-default-attributes"},"exclude_global_add_ons":[],"addons":[],"_links":{"self":[{"href":"https:\/\/kauppa.ursa.fi\/kauppa\/wp-json\/wp\/v2\/product\/3349","targetHints":{"allow":["GET"]}}],"collection":[{"href":"https:\/\/kauppa.ursa.fi\/kauppa\/wp-json\/wp\/v2\/product"}],"about":[{"href":"https:\/\/kauppa.ursa.fi\/kauppa\/wp-json\/wp\/v2\/types\/product"}],"replies":[{"embeddable":true,"href":"https:\/\/kauppa.ursa.fi\/kauppa\/wp-json\/wp\/v2\/comments?post=3349"}],"wp:featuredmedia":[{"embeddable":true,"href":"https:\/\/kauppa.ursa.fi\/kauppa\/wp-json\/wp\/v2\/media\/21260"}],"wp:attachment":[{"href":"https:\/\/kauppa.ursa.fi\/kauppa\/wp-json\/wp\/v2\/media?parent=3349"}],"wp:term":[{"taxonomy":"product_brand","embeddable":true,"href":"https:\/\/kauppa.ursa.fi\/kauppa\/wp-json\/wp\/v2\/product_brand?post=3349"},{"taxonomy":"product_cat","embeddable":true,"href":"https:\/\/kauppa.ursa.fi\/kauppa\/wp-json\/wp\/v2\/product_cat?post=3349"},{"taxonomy":"product_tag","embeddable":true,"href":"https:\/\/kauppa.ursa.fi\/kauppa\/wp-json\/wp\/v2\/product_tag?post=3349"}],"curies":[{"name":"wp","href":"https:\/\/api.w.org\/{rel}","templated":true}]}}